{"id":893,"date":"2022-09-19T22:28:48","date_gmt":"2022-09-19T22:28:48","guid":{"rendered":"http:\/\/asuficc.com\/?post_type=portfolio&#038;p=893"},"modified":"2022-09-20T19:40:58","modified_gmt":"2022-09-20T19:40:58","slug":"jurados","status":"publish","type":"portfolio","link":"https:\/\/asuficc.com\/index.php\/portfolio\/jurados\/","title":{"rendered":"JURADOS"},"content":{"rendered":"<div class=\"grid kcm\">\n<div class=\"grid__item nine-twelfths portable--auto lap--auto palm--auto top-no-padding bottom-no-padding \" data-style=\"\">\n<h3>JURADOS COMPETENCIA INTERNACIONAL LARGOMETRAJES<\/h3>\n<\/div>\n<div class=\"grid__item four-twelfths portable--auto lap--auto palm--auto top-no-padding bottom-no-padding   \" data-style=\"\">\n<p><img fetchpriority=\"high\" decoding=\"async\" class=\"alignnone size-large wp-image-897\" src=\"http:\/\/asuficc.com\/wp-content\/uploads\/2022\/09\/Asuficc-Jurados-10-1024x1024.png\" alt=\"\" width=\"1024\" height=\"1024\" srcset=\"https:\/\/asuficc.com\/wp-content\/uploads\/2022\/09\/Asuficc-Jurados-10-1024x1024.png 1024w, https:\/\/asuficc.com\/wp-content\/uploads\/2022\/09\/Asuficc-Jurados-10-300x300.png 300w, https:\/\/asuficc.com\/wp-content\/uploads\/2022\/09\/Asuficc-Jurados-10-150x150.png 150w, https:\/\/asuficc.com\/wp-content\/uploads\/2022\/09\/Asuficc-Jurados-10-768x768.png 768w, https:\/\/asuficc.com\/wp-content\/uploads\/2022\/09\/Asuficc-Jurados-10-1536x1536.png 1536w, https:\/\/asuficc.com\/wp-content\/uploads\/2022\/09\/Asuficc-Jurados-10-2048x2048.png 2048w, https:\/\/asuficc.com\/wp-content\/uploads\/2022\/09\/Asuficc-Jurados-10-12x12.png 12w\" sizes=\"(max-width: 1024px) 100vw, 1024px\" \/><\/p>\n<p><span style=\"font-weight: 400;\">Marcelo Martinessi<\/span><\/p>\n<p><span style=\"font-weight: 400;\">Director y guionista paraguayo. Su \u00f3pera prima \u201cLas Herederas\u201d recibi\u00f3 dos Osos de Plata y el Premio FIPRESCI en la Berlinale 2018, siendo distribuida en 30 territorios.\u00a0 Marcelo particip\u00f3 de la creaci\u00f3n y fue Director Ejecutivo de TV P\u00fablica Paraguay, primera experiencia de comunicaci\u00f3n p\u00fablica a trav\u00e9s de la televisi\u00f3n en su pa\u00eds. El proyecto se cort\u00f3 abruptamente con el golpe de Estado de 2012; por el trauma provocado por ese caos pol\u00edtico escribi\u00f3 y dirigi\u00f3 \u201cLa Voz Perdida\u201d, que obtuvo el Premio Orizzonti al Mejor Cortometraje en la Mostra de Venecia en 2016. Tambi\u00e9n dirigi\u00f3 los cortos \u201cKarai Norte\u201d (2009), \u201cCalle \u00faltima\u201d (2011) y \u201cEl bald\u00edo\u201d (2013).<\/span><\/p>\n<p><b>Cr\u00e9dito foto <\/b><b>\u00a9SebaArestivo<\/b><\/p>\n<\/div>\n<div class=\"grid__item four-twelfths portable--auto lap--auto palm--auto top-no-padding bottom-no-padding \" data-style=\"\">\n<p><img decoding=\"async\" class=\"alignnone size-large wp-image-896\" src=\"http:\/\/asuficc.com\/wp-content\/uploads\/2022\/09\/Sin-titulo-1-02-1024x1024.png\" alt=\"\" width=\"1024\" height=\"1024\" srcset=\"https:\/\/asuficc.com\/wp-content\/uploads\/2022\/09\/Sin-titulo-1-02-1024x1024.png 1024w, https:\/\/asuficc.com\/wp-content\/uploads\/2022\/09\/Sin-titulo-1-02-300x300.png 300w, https:\/\/asuficc.com\/wp-content\/uploads\/2022\/09\/Sin-titulo-1-02-150x150.png 150w, https:\/\/asuficc.com\/wp-content\/uploads\/2022\/09\/Sin-titulo-1-02-768x768.png 768w, https:\/\/asuficc.com\/wp-content\/uploads\/2022\/09\/Sin-titulo-1-02-1536x1536.png 1536w, https:\/\/asuficc.com\/wp-content\/uploads\/2022\/09\/Sin-titulo-1-02-2048x2048.png 2048w, https:\/\/asuficc.com\/wp-content\/uploads\/2022\/09\/Sin-titulo-1-02-12x12.png 12w\" sizes=\"(max-width: 1024px) 100vw, 1024px\" \/><\/p>\n<p><span style=\"font-weight: 400;\">Luc\u00eda Salas<\/span><\/p>\n<p><span style=\"font-weight: 400;\">Cr\u00edtica de cine, programadora y cineasta argentina, cuyo trabajo navega el cine, pasado y presente. Co-editora de la revista<\/span><i><span style=\"font-weight: 400;\"> La vida \u00fatil<\/span><\/i><span style=\"font-weight: 400;\">, programadora en los festivales Punto de Vista y Woche der Kritik, docente de la El\u00edas Querejeta Zine Eskola, colaboradora en Con Los Ojos Abiertos y Jugend ohne film, entre otros. Como parte del colectivo LaSiberia ha co-dirigido los filmes \u201c<\/span><i><span style=\"font-weight: 400;\">Im<\/span><\/i><span style=\"font-weight: 400;\">plantaci\u00f3n\u201d (largometraje de no-ficci\u00f3n, 2016), entre otros. Estudi\u00f3 Imagen y Sonido (UBA), Aesthetics and Politics (CalArts) y actualmente cursa el Doctorado en Comunicaci\u00f3n de la UPF.<\/span><\/p>\n<\/div>\n<div class=\"grid__item four-twelfths portable--auto lap--auto palm--auto top-no-padding bottom-no-padding \" data-style=\"\">\n<p><img decoding=\"async\" class=\"alignnone size-large wp-image-895\" src=\"http:\/\/asuficc.com\/wp-content\/uploads\/2022\/09\/Sin-titulo-1_Mesa-de-trabajo-1-1024x1024.png\" alt=\"\" width=\"1024\" height=\"1024\" srcset=\"https:\/\/asuficc.com\/wp-content\/uploads\/2022\/09\/Sin-titulo-1_Mesa-de-trabajo-1-1024x1024.png 1024w, https:\/\/asuficc.com\/wp-content\/uploads\/2022\/09\/Sin-titulo-1_Mesa-de-trabajo-1-300x300.png 300w, https:\/\/asuficc.com\/wp-content\/uploads\/2022\/09\/Sin-titulo-1_Mesa-de-trabajo-1-150x150.png 150w, https:\/\/asuficc.com\/wp-content\/uploads\/2022\/09\/Sin-titulo-1_Mesa-de-trabajo-1-768x768.png 768w, https:\/\/asuficc.com\/wp-content\/uploads\/2022\/09\/Sin-titulo-1_Mesa-de-trabajo-1-1536x1536.png 1536w, https:\/\/asuficc.com\/wp-content\/uploads\/2022\/09\/Sin-titulo-1_Mesa-de-trabajo-1-2048x2048.png 2048w, https:\/\/asuficc.com\/wp-content\/uploads\/2022\/09\/Sin-titulo-1_Mesa-de-trabajo-1-12x12.png 12w\" sizes=\"(max-width: 1024px) 100vw, 1024px\" \/><\/p>\n<p><span style=\"font-weight: 400;\">Ana Brun<\/span><\/p>\n<p><span style=\"font-weight: 400;\">Bajo el nombre de Patricia Abente incursion\u00f3 en teatro, inici\u00e1ndose de la mano de H\u00e9ctor de Los R\u00edos, en la obra &#8220;El diario de Ana Frank&#8221;. Ha trabajado en otras obras con Grupo Gente de Teatro, La Far\u00e1ndula y Arlequ\u00edn Teatro. Al ser invitada a ser parte de \u201cLas herederas\u201d cambi\u00f3 su nombre a Ana Brum, como una suerte de nuevo comienzo. Su interpretaci\u00f3n le vali\u00f3 el Oso de Plata a la Mejor actriz en el Festival de Berl\u00edn 2018. Recientemente fue parte de \u201cMatar a la bestia\u201d, de la argentina Agustina San Mart\u00edn.<\/span><\/p>\n<\/div>\n<div class=\"grid__item one-whole portable--auto lap--auto palm--auto top-no-padding bottom-no-padding \" data-style=\"\">\n<h3>JURADOS COMPETENCIA INTERNACIONAL CORTOMETRAJES<\/h3>\n<\/div>\n<div class=\"grid__item four-twelfths portable--auto lap--auto palm--auto top-no-padding bottom-no-padding \" data-style=\"\">\n<p><img loading=\"lazy\" decoding=\"async\" class=\"alignnone size-large wp-image-900\" src=\"http:\/\/asuficc.com\/wp-content\/uploads\/2022\/09\/Asuficc-Jurados_Cortos_post_nico-1024x1024.png\" alt=\"\" width=\"1024\" height=\"1024\" srcset=\"https:\/\/asuficc.com\/wp-content\/uploads\/2022\/09\/Asuficc-Jurados_Cortos_post_nico-1024x1024.png 1024w, https:\/\/asuficc.com\/wp-content\/uploads\/2022\/09\/Asuficc-Jurados_Cortos_post_nico-300x300.png 300w, https:\/\/asuficc.com\/wp-content\/uploads\/2022\/09\/Asuficc-Jurados_Cortos_post_nico-150x150.png 150w, https:\/\/asuficc.com\/wp-content\/uploads\/2022\/09\/Asuficc-Jurados_Cortos_post_nico-768x768.png 768w, https:\/\/asuficc.com\/wp-content\/uploads\/2022\/09\/Asuficc-Jurados_Cortos_post_nico-1536x1536.png 1536w, https:\/\/asuficc.com\/wp-content\/uploads\/2022\/09\/Asuficc-Jurados_Cortos_post_nico-2048x2048.png 2048w, https:\/\/asuficc.com\/wp-content\/uploads\/2022\/09\/Asuficc-Jurados_Cortos_post_nico-12x12.png 12w\" sizes=\"(max-width: 1024px) 100vw, 1024px\" \/><\/p>\n<p><span style=\"font-weight: 400;\">Nico Garc\u00eda<\/span><\/p>\n<p><span style=\"font-weight: 400;\">Actor paraguayo de cine, teatro y televisi\u00f3n. Se ha formado en Paraguay y en la Argentina, trabajando activamente en ambos pa\u00edses. Ha sido parte de las pel\u00edculas paraguayas \u201c7 cajas\u201d, \u201cLuna de cigarras\u201d y \u201cCharlotte\u201d, entre otras. Recientemente ha integrado el elenco de la exitosa serie de Netflix \u201cEl Reino\u201d, y en otras reconocidas tiras argentinas como \u201cEl Tigre Ver\u00f3n\u201d y \u201cLa 1-5\/18\u201d.\u00a0<\/span><\/p>\n<\/div>\n<div class=\"grid__item four-twelfths portable--auto lap--auto palm--auto top-no-padding bottom-no-padding \" data-style=\"\">\n<p><img loading=\"lazy\" decoding=\"async\" class=\"alignnone size-large wp-image-899\" src=\"http:\/\/asuficc.com\/wp-content\/uploads\/2022\/09\/Asuficc-Jurados_Cortos_post_juana-1024x1024.png\" alt=\"\" width=\"1024\" height=\"1024\" srcset=\"https:\/\/asuficc.com\/wp-content\/uploads\/2022\/09\/Asuficc-Jurados_Cortos_post_juana-1024x1024.png 1024w, https:\/\/asuficc.com\/wp-content\/uploads\/2022\/09\/Asuficc-Jurados_Cortos_post_juana-300x300.png 300w, https:\/\/asuficc.com\/wp-content\/uploads\/2022\/09\/Asuficc-Jurados_Cortos_post_juana-150x150.png 150w, https:\/\/asuficc.com\/wp-content\/uploads\/2022\/09\/Asuficc-Jurados_Cortos_post_juana-768x768.png 768w, https:\/\/asuficc.com\/wp-content\/uploads\/2022\/09\/Asuficc-Jurados_Cortos_post_juana-1536x1536.png 1536w, https:\/\/asuficc.com\/wp-content\/uploads\/2022\/09\/Asuficc-Jurados_Cortos_post_juana-2048x2048.png 2048w, https:\/\/asuficc.com\/wp-content\/uploads\/2022\/09\/Asuficc-Jurados_Cortos_post_juana-12x12.png 12w\" sizes=\"(max-width: 1024px) 100vw, 1024px\" \/><\/p>\n<p><span style=\"font-weight: 400;\">Juana Miranda<\/span><\/p>\n<p><span style=\"font-weight: 400;\">Cineasta paraguaya. Guionista, directora y productora. Egresada de la Escuela Internacional de Cine de Cuba, y de Filosof\u00eda en la Universidad Nacional de Asunci\u00f3n. Directora de Eku\u2019e Muestra Internacional de Videodanza y coproductora de Crear en Libertad encuentro de danza y artes contempor\u00e1neas de Asunci\u00f3n. Es precursora y cofundadora de la Asociaci\u00f3n de Documentalistas del Paraguay, DOCPY. Docente. Consejera por el sector Profesionales y T\u00e9cnicos en el Consejo Nacional del Audiovisual Paraguayo, Instituto Nacional del Audiovisual Paraguayo.<\/span><\/p>\n<\/div>\n<div class=\"grid__item four-twelfths portable--auto lap--auto palm--auto top-no-padding bottom-no-padding \" data-style=\"\">\n<p><img loading=\"lazy\" decoding=\"async\" class=\"alignnone size-large wp-image-898\" src=\"http:\/\/asuficc.com\/wp-content\/uploads\/2022\/09\/Asuficc-Jurados_Cortos_post_chile-1024x1024.png\" alt=\"\" width=\"1024\" height=\"1024\" srcset=\"https:\/\/asuficc.com\/wp-content\/uploads\/2022\/09\/Asuficc-Jurados_Cortos_post_chile-1024x1024.png 1024w, https:\/\/asuficc.com\/wp-content\/uploads\/2022\/09\/Asuficc-Jurados_Cortos_post_chile-300x300.png 300w, https:\/\/asuficc.com\/wp-content\/uploads\/2022\/09\/Asuficc-Jurados_Cortos_post_chile-150x150.png 150w, https:\/\/asuficc.com\/wp-content\/uploads\/2022\/09\/Asuficc-Jurados_Cortos_post_chile-768x768.png 768w, https:\/\/asuficc.com\/wp-content\/uploads\/2022\/09\/Asuficc-Jurados_Cortos_post_chile-1536x1536.png 1536w, https:\/\/asuficc.com\/wp-content\/uploads\/2022\/09\/Asuficc-Jurados_Cortos_post_chile-2048x2048.png 2048w, https:\/\/asuficc.com\/wp-content\/uploads\/2022\/09\/Asuficc-Jurados_Cortos_post_chile-12x12.png 12w\" sizes=\"(max-width: 1024px) 100vw, 1024px\" \/><\/p>\n<p><span style=\"font-weight: 400;\">Eduardo Villalobos Pino<\/span><\/p>\n<p><span style=\"font-weight: 400;\">Comunicador Audiovisual, Licenciado en Est\u00e9tica, Realizador y Productor en Molotov Cine. Destacan sus pel\u00edculas \u201cMatar a un Hombre\u201d (seleccionado en Sundance 2014) y \u201cMala Junta\u201d. Fundador de Encuentros BioBioCine. Tallerista e invitado permanente de diversos festivales del mundo. Jurado en distintas instancias en Latinoam\u00e9rica. Su cortometraje &#8220;Pulento&#8221; se estren\u00f3 en Sanfic17. Adem\u00e1s se encuentra desarrollando su \u00f3pera prima de ficci\u00f3n llamada \u201cPiscola\u201d.<\/span><\/p>\n<\/div>\n<\/div>\n","protected":false},"excerpt":{"rendered":"<p>JURADOS COMPETENCIA INTERNACIONAL LARGOMETRAJES Marcelo Martinessi Director y guionista paraguayo. Su \u00f3pera prima \u201cLas Herederas\u201d recibi\u00f3 dos Osos de Plata y el Premio FIPRESCI en la Berlinale 2018, siendo distribuida en 30 territorios.\u00a0 Marcelo particip\u00f3 de la creaci\u00f3n y fue Director Ejecutivo de TV P\u00fablica Paraguay, primera experiencia de comunicaci\u00f3n p\u00fablica a trav\u00e9s de la [&hellip;]<\/p>\n","protected":false},"author":1,"featured_media":902,"comment_status":"open","ping_status":"closed","template":"","meta":{"om_disable_all_campaigns":false,"_monsterinsights_skip_tracking":false,"_monsterinsights_sitenote_active":false,"_monsterinsights_sitenote_note":"","_monsterinsights_sitenote_category":0,"footnotes":"","_links_to":"","_links_to_target":""},"class_list":["post-893","portfolio","type-portfolio","status-publish","has-post-thumbnail","hentry","portfolio_category-asuficc"],"yoast_head":"<!-- This site is optimized with the Yoast SEO plugin v23.8 - https:\/\/yoast.com\/wordpress\/plugins\/seo\/ -->\n<title>JURADOS - asuficc<\/title>\n<meta name=\"robots\" content=\"index, follow, max-snippet:-1, max-image-preview:large, max-video-preview:-1\" \/>\n<link rel=\"canonical\" href=\"https:\/\/asuficc.com\/index.php\/portfolio\/jurados\/\" \/>\n<meta property=\"og:locale\" content=\"es_ES\" \/>\n<meta property=\"og:type\" content=\"article\" \/>\n<meta property=\"og:title\" content=\"JURADOS - asuficc\" \/>\n<meta property=\"og:description\" content=\"JURADOS COMPETENCIA INTERNACIONAL LARGOMETRAJES Marcelo Martinessi Director y guionista paraguayo. Su \u00f3pera prima \u201cLas Herederas\u201d recibi\u00f3 dos Osos de Plata y el Premio FIPRESCI en la Berlinale 2018, siendo distribuida en 30 territorios.\u00a0 Marcelo particip\u00f3 de la creaci\u00f3n y fue Director Ejecutivo de TV P\u00fablica Paraguay, primera experiencia de comunicaci\u00f3n p\u00fablica a trav\u00e9s de la [&hellip;]\" \/>\n<meta property=\"og:url\" content=\"https:\/\/asuficc.com\/index.php\/portfolio\/jurados\/\" \/>\n<meta property=\"og:site_name\" content=\"asuficc\" \/>\n<meta property=\"article:modified_time\" content=\"2022-09-20T19:40:58+00:00\" \/>\n<meta property=\"og:image\" content=\"https:\/\/asuficc.com\/wp-content\/uploads\/2022\/09\/Sin-titulo-1-02-1.png\" \/>\n\t<meta property=\"og:image:width\" content=\"3508\" \/>\n\t<meta property=\"og:image:height\" content=\"2481\" \/>\n\t<meta property=\"og:image:type\" content=\"image\/png\" \/>\n<meta name=\"twitter:card\" content=\"summary_large_image\" \/>\n<meta name=\"twitter:label1\" content=\"Tiempo de lectura\" \/>\n\t<meta name=\"twitter:data1\" content=\"4 minutos\" \/>\n<script type=\"application\/ld+json\" class=\"yoast-schema-graph\">{\"@context\":\"https:\/\/schema.org\",\"@graph\":[{\"@type\":\"WebPage\",\"@id\":\"https:\/\/asuficc.com\/index.php\/portfolio\/jurados\/\",\"url\":\"https:\/\/asuficc.com\/index.php\/portfolio\/jurados\/\",\"name\":\"JURADOS - asuficc\",\"isPartOf\":{\"@id\":\"https:\/\/asuficc.com\/en\/#website\"},\"primaryImageOfPage\":{\"@id\":\"https:\/\/asuficc.com\/index.php\/portfolio\/jurados\/#primaryimage\"},\"image\":{\"@id\":\"https:\/\/asuficc.com\/index.php\/portfolio\/jurados\/#primaryimage\"},\"thumbnailUrl\":\"https:\/\/asuficc.com\/wp-content\/uploads\/2022\/09\/Sin-titulo-1-02-1.png\",\"datePublished\":\"2022-09-19T22:28:48+00:00\",\"dateModified\":\"2022-09-20T19:40:58+00:00\",\"breadcrumb\":{\"@id\":\"https:\/\/asuficc.com\/index.php\/portfolio\/jurados\/#breadcrumb\"},\"inLanguage\":\"es-AR\",\"potentialAction\":[{\"@type\":\"ReadAction\",\"target\":[\"https:\/\/asuficc.com\/index.php\/portfolio\/jurados\/\"]}]},{\"@type\":\"ImageObject\",\"inLanguage\":\"es-AR\",\"@id\":\"https:\/\/asuficc.com\/index.php\/portfolio\/jurados\/#primaryimage\",\"url\":\"https:\/\/asuficc.com\/wp-content\/uploads\/2022\/09\/Sin-titulo-1-02-1.png\",\"contentUrl\":\"https:\/\/asuficc.com\/wp-content\/uploads\/2022\/09\/Sin-titulo-1-02-1.png\",\"width\":3508,\"height\":2481},{\"@type\":\"BreadcrumbList\",\"@id\":\"https:\/\/asuficc.com\/index.php\/portfolio\/jurados\/#breadcrumb\",\"itemListElement\":[{\"@type\":\"ListItem\",\"position\":1,\"name\":\"Home\",\"item\":\"https:\/\/asuficc.com\/en\/\"},{\"@type\":\"ListItem\",\"position\":2,\"name\":\"Portfolio\",\"item\":\"https:\/\/asuficc.com\/index.php\/portfolio\/\"},{\"@type\":\"ListItem\",\"position\":3,\"name\":\"JURADOS\"}]},{\"@type\":\"WebSite\",\"@id\":\"https:\/\/asuficc.com\/en\/#website\",\"url\":\"https:\/\/asuficc.com\/en\/\",\"name\":\"asuficc\",\"description\":\"\",\"potentialAction\":[{\"@type\":\"SearchAction\",\"target\":{\"@type\":\"EntryPoint\",\"urlTemplate\":\"https:\/\/asuficc.com\/en\/?s={search_term_string}\"},\"query-input\":{\"@type\":\"PropertyValueSpecification\",\"valueRequired\":true,\"valueName\":\"search_term_string\"}}],\"inLanguage\":\"es-AR\"}]}<\/script>\n<!-- \/ Yoast SEO plugin. -->","yoast_head_json":{"title":"JURADOS - asuficc","robots":{"index":"index","follow":"follow","max-snippet":"max-snippet:-1","max-image-preview":"max-image-preview:large","max-video-preview":"max-video-preview:-1"},"canonical":"https:\/\/asuficc.com\/index.php\/portfolio\/jurados\/","og_locale":"es_ES","og_type":"article","og_title":"JURADOS - asuficc","og_description":"JURADOS COMPETENCIA INTERNACIONAL LARGOMETRAJES Marcelo Martinessi Director y guionista paraguayo. Su \u00f3pera prima \u201cLas Herederas\u201d recibi\u00f3 dos Osos de Plata y el Premio FIPRESCI en la Berlinale 2018, siendo distribuida en 30 territorios.\u00a0 Marcelo particip\u00f3 de la creaci\u00f3n y fue Director Ejecutivo de TV P\u00fablica Paraguay, primera experiencia de comunicaci\u00f3n p\u00fablica a trav\u00e9s de la [&hellip;]","og_url":"https:\/\/asuficc.com\/index.php\/portfolio\/jurados\/","og_site_name":"asuficc","article_modified_time":"2022-09-20T19:40:58+00:00","og_image":[{"width":3508,"height":2481,"url":"https:\/\/asuficc.com\/wp-content\/uploads\/2022\/09\/Sin-titulo-1-02-1.png","type":"image\/png"}],"twitter_card":"summary_large_image","twitter_misc":{"Tiempo de lectura":"4 minutos"},"schema":{"@context":"https:\/\/schema.org","@graph":[{"@type":"WebPage","@id":"https:\/\/asuficc.com\/index.php\/portfolio\/jurados\/","url":"https:\/\/asuficc.com\/index.php\/portfolio\/jurados\/","name":"JURADOS - asuficc","isPartOf":{"@id":"https:\/\/asuficc.com\/en\/#website"},"primaryImageOfPage":{"@id":"https:\/\/asuficc.com\/index.php\/portfolio\/jurados\/#primaryimage"},"image":{"@id":"https:\/\/asuficc.com\/index.php\/portfolio\/jurados\/#primaryimage"},"thumbnailUrl":"https:\/\/asuficc.com\/wp-content\/uploads\/2022\/09\/Sin-titulo-1-02-1.png","datePublished":"2022-09-19T22:28:48+00:00","dateModified":"2022-09-20T19:40:58+00:00","breadcrumb":{"@id":"https:\/\/asuficc.com\/index.php\/portfolio\/jurados\/#breadcrumb"},"inLanguage":"es-AR","potentialAction":[{"@type":"ReadAction","target":["https:\/\/asuficc.com\/index.php\/portfolio\/jurados\/"]}]},{"@type":"ImageObject","inLanguage":"es-AR","@id":"https:\/\/asuficc.com\/index.php\/portfolio\/jurados\/#primaryimage","url":"https:\/\/asuficc.com\/wp-content\/uploads\/2022\/09\/Sin-titulo-1-02-1.png","contentUrl":"https:\/\/asuficc.com\/wp-content\/uploads\/2022\/09\/Sin-titulo-1-02-1.png","width":3508,"height":2481},{"@type":"BreadcrumbList","@id":"https:\/\/asuficc.com\/index.php\/portfolio\/jurados\/#breadcrumb","itemListElement":[{"@type":"ListItem","position":1,"name":"Home","item":"https:\/\/asuficc.com\/en\/"},{"@type":"ListItem","position":2,"name":"Portfolio","item":"https:\/\/asuficc.com\/index.php\/portfolio\/"},{"@type":"ListItem","position":3,"name":"JURADOS"}]},{"@type":"WebSite","@id":"https:\/\/asuficc.com\/en\/#website","url":"https:\/\/asuficc.com\/en\/","name":"asuficc","description":"","potentialAction":[{"@type":"SearchAction","target":{"@type":"EntryPoint","urlTemplate":"https:\/\/asuficc.com\/en\/?s={search_term_string}"},"query-input":{"@type":"PropertyValueSpecification","valueRequired":true,"valueName":"search_term_string"}}],"inLanguage":"es-AR"}]}},"_links":{"self":[{"href":"https:\/\/asuficc.com\/index.php\/wp-json\/wp\/v2\/portfolio\/893","targetHints":{"allow":["GET"]}}],"collection":[{"href":"https:\/\/asuficc.com\/index.php\/wp-json\/wp\/v2\/portfolio"}],"about":[{"href":"https:\/\/asuficc.com\/index.php\/wp-json\/wp\/v2\/types\/portfolio"}],"author":[{"embeddable":true,"href":"https:\/\/asuficc.com\/index.php\/wp-json\/wp\/v2\/users\/1"}],"replies":[{"embeddable":true,"href":"https:\/\/asuficc.com\/index.php\/wp-json\/wp\/v2\/comments?post=893"}],"version-history":[{"count":6,"href":"https:\/\/asuficc.com\/index.php\/wp-json\/wp\/v2\/portfolio\/893\/revisions"}],"predecessor-version":[{"id":909,"href":"https:\/\/asuficc.com\/index.php\/wp-json\/wp\/v2\/portfolio\/893\/revisions\/909"}],"wp:featuredmedia":[{"embeddable":true,"href":"https:\/\/asuficc.com\/index.php\/wp-json\/wp\/v2\/media\/902"}],"wp:attachment":[{"href":"https:\/\/asuficc.com\/index.php\/wp-json\/wp\/v2\/media?parent=893"}],"curies":[{"name":"wp","href":"https:\/\/api.w.org\/{rel}","templated":true}]}}